{"id":6025,"date":"2020-01-21T01:33:55","date_gmt":"2020-01-20T23:33:55","guid":{"rendered":"http:\/\/www.iespedromunozseca.es\/?page_id=6025"},"modified":"2020-01-21T01:36:44","modified_gmt":"2020-01-20T23:36:44","slug":"proyecto-radiofonico","status":"publish","type":"page","link":"https:\/\/www.iespedromunozseca.es\/?page_id=6025","title":{"rendered":"PROYECTO RADIOF\u00d3NICO"},"content":{"rendered":"<p>El grupo de Psicolog\u00eda (I) de 2\u00ba Bachillerato ha iniciado un proyecto radiof\u00f3nico, coordinado por la profesora Esther Arjona, en el que se trabajan temas tratados en clase de Psicolog\u00eda.<\/p>\n<p>El trabajo que han llevado a cabo consiste en una entrevista radiada sobre un tema de la materia y, en este caso, es la percepci\u00f3n. El alumnado hizo un trabajo de investigaci\u00f3n previo y siguiendo un gui\u00f3n llevaron a cabo las entrevistas. En algunos casos los personajes fueron ficticios, y en otros, tanto el entrevistador como los entrevistados, respond\u00edan a su identidad real.<\/p>\n<p>Las herramientas utilizadas constan de un programa de edici\u00f3n de audio (Audacity), una mesa de mezclas, un micr\u00f3fono, unos cascos y un tel\u00e9fono m\u00f3vil para la entrada de m\u00fasica.<\/p>\n<p>El resultado de estas locuciones pod\u00e9is verlo en el blog, recientemente creado por dicho alumnado.<\/p>\n<p>En la primera entrada del blog, aparecen las entrevistas, y en la segunda, la foto del equipo que utilizamos.<\/p>\n<p>La intenci\u00f3n es continuar con la labor y ofrecer al alumnado la posibilidad de conocer un gran medio de comunicaci\u00f3n como es la radio.<\/p>\n<p>Entre las actividades que se est\u00e1n desarrollando est\u00e1 la presencia de Rafael Morro, director territorial de RTVE en la provincia de C\u00e1diz, en el centro para preparar, junto con el alumnado, la visita que se realizar\u00e1 el jueves a las instalaciones de RNE en C\u00e1diz. En esta sesi\u00f3n, explic\u00f3 la organizaci\u00f3n y estructura de los programas de RNE y conceptos clave de la jerga.<\/p>\n<p>Los alumnos est\u00e1n preparando varias entrevistas para grabarlas el jueves en los estudios.<\/p>\n<p>Im\u00e1genes del logotipo, realizado por la alumna Laura Garrido, y de las grabaciones.<\/p>\n<p><a href=\"http:\/\/www.iespedromunozseca.es\/wp-content\/uploads\/2020\/01\/grabacion1.jpg\"><\/a><\/p>\n<p><a href=\"http:\/\/www.iespedromunozseca.es\/wp-content\/uploads\/2020\/01\/grabacion3.jpg\"><\/a><div id='gallery-1' class='gallery galleryid-6025 gallery-columns-6 gallery-size-thumbnail'><figure class='gallery-item'>\n\t\t\t<div class='gallery-icon landscape'>\n\t\t\t\t<a href='https:\/\/www.iespedromunozseca.es\/wp-content\/uploads\/2020\/01\/logo.jpg'><img width=\"150\" height=\"150\" src=\"https:\/\/www.iespedromunozseca.es\/wp-content\/uploads\/2020\/01\/logo-150x150.jpg\" class=\"attachment-thumbnail size-thumbnail\" alt=\"\" decoding=\"async\" loading=\"lazy\" aria-describedby=\"gallery-1-6026\" \/><\/a>\n\t\t\t<\/div>\n\t\t\t\t<figcaption class='wp-caption-text gallery-caption' id='gallery-1-6026'>\n\t\t\t\tLogotipo\n\t\t\t\t<\/figcaption><\/figure><figure class='gallery-item'>\n\t\t\t<div class='gallery-icon landscape'>\n\t\t\t\t<a href='https:\/\/www.iespedromunozseca.es\/wp-content\/uploads\/2020\/01\/grabacion1.jpg'><img width=\"150\" height=\"150\" src=\"https:\/\/www.iespedromunozseca.es\/wp-content\/uploads\/2020\/01\/grabacion1-150x150.jpg\" class=\"attachment-thumbnail size-thumbnail\" alt=\"\" decoding=\"async\" loading=\"lazy\" \/><\/a>\n\t\t\t<\/div><\/figure><figure class='gallery-item'>\n\t\t\t<div class='gallery-icon portrait'>\n\t\t\t\t<a href='https:\/\/www.iespedromunozseca.es\/wp-content\/uploads\/2020\/01\/grabacion2.jpg'><img width=\"150\" height=\"150\" src=\"https:\/\/www.iespedromunozseca.es\/wp-content\/uploads\/2020\/01\/grabacion2-150x150.jpg\" class=\"attachment-thumbnail size-thumbnail\" alt=\"\" decoding=\"async\" loading=\"lazy\" \/><\/a>\n\t\t\t<\/div><\/figure><figure class='gallery-item'>\n\t\t\t<div class='gallery-icon portrait'>\n\t\t\t\t<a href='https:\/\/www.iespedromunozseca.es\/wp-content\/uploads\/2020\/01\/grabacion3.jpg'><img width=\"150\" height=\"150\" src=\"https:\/\/www.iespedromunozseca.es\/wp-content\/uploads\/2020\/01\/grabacion3-150x150.jpg\" class=\"attachment-thumbnail size-thumbnail\" alt=\"\" decoding=\"async\" loading=\"lazy\" \/><\/a>\n\t\t\t<\/div><\/figure><figure class='gallery-item'>\n\t\t\t<div class='gallery-icon landscape'>\n\t\t\t\t<a href='https:\/\/www.iespedromunozseca.es\/wp-content\/uploads\/2020\/01\/grabacion4.jpg'><img width=\"150\" height=\"150\" src=\"https:\/\/www.iespedromunozseca.es\/wp-content\/uploads\/2020\/01\/grabacion4-150x150.jpg\" class=\"attachment-thumbnail size-thumbnail\" alt=\"\" decoding=\"async\" loading=\"lazy\" \/><\/a>\n\t\t\t<\/div><\/figure><figure class='gallery-item'>\n\t\t\t<div class='gallery-icon portrait'>\n\t\t\t\t<a href='https:\/\/www.iespedromunozseca.es\/wp-content\/uploads\/2020\/01\/grabacion5.jpg'><img width=\"150\" height=\"150\" src=\"https:\/\/www.iespedromunozseca.es\/wp-content\/uploads\/2020\/01\/grabacion5-150x150.jpg\" class=\"attachment-thumbnail size-thumbnail\" alt=\"\" decoding=\"async\" loading=\"lazy\" \/><\/a>\n\t\t\t<\/div><\/figure><figure class='gallery-item'>\n\t\t\t<div class='gallery-icon landscape'>\n\t\t\t\t<a href='https:\/\/www.iespedromunozseca.es\/wp-content\/uploads\/2020\/01\/grabacion6.jpg'><img width=\"150\" height=\"150\" src=\"https:\/\/www.iespedromunozseca.es\/wp-content\/uploads\/2020\/01\/grabacion6-150x150.jpg\" class=\"attachment-thumbnail size-thumbnail\" alt=\"\" decoding=\"async\" loading=\"lazy\" \/><\/a>\n\t\t\t<\/div><\/figure>\n\t\t<\/div>\n<\/p>\n","protected":false},"excerpt":{"rendered":"<p>El grupo de Psicolog\u00eda (I) de 2\u00ba Bachillerato ha iniciado un proyecto radiof\u00f3nico, coordinado por la profesora Esther Arjona, en el que se trabajan temas tratados en clase de Psicolog\u00eda. El trabajo que han llevado a cabo consiste en una entrevista radiada sobre un tema de la materia y, en este caso, es la percepci\u00f3n. El alumnado hizo un trabajo de investigaci\u00f3n previo y siguiendo un gui\u00f3n llevaron a cabo las entrevistas. En algunos casos los personajes fueron ficticios, y&#8230;<\/p>\n<p class=\"read-more\"><a class=\"btn btn-default\" href=\"https:\/\/www.iespedromunozseca.es\/?page_id=6025\"> Leer m\u00e1s<span class=\"screen-reader-text\">  Leer m\u00e1s<\/span><\/a><\/p>\n","protected":false},"author":3,"featured_media":0,"parent":0,"menu_order":0,"comment_status":"closed","ping_status":"open","template":"","meta":[],"_links":{"self":[{"href":"https:\/\/www.iespedromunozseca.es\/index.php?rest_route=\/wp\/v2\/pages\/6025"}],"collection":[{"href":"https:\/\/www.iespedromunozseca.es\/index.php?rest_route=\/wp\/v2\/pages"}],"about":[{"href":"https:\/\/www.iespedromunozseca.es\/index.php?rest_route=\/wp\/v2\/types\/page"}],"author":[{"embeddable":true,"href":"https:\/\/www.iespedromunozseca.es\/index.php?rest_route=\/wp\/v2\/users\/3"}],"replies":[{"embeddable":true,"href":"https:\/\/www.iespedromunozseca.es\/index.php?rest_route=%2Fwp%2Fv2%2Fcomments&post=6025"}],"version-history":[{"count":4,"href":"https:\/\/www.iespedromunozseca.es\/index.php?rest_route=\/wp\/v2\/pages\/6025\/revisions"}],"predecessor-version":[{"id":6035,"href":"https:\/\/www.iespedromunozseca.es\/index.php?rest_route=\/wp\/v2\/pages\/6025\/revisions\/6035"}],"wp:attachment":[{"href":"https:\/\/www.iespedromunozseca.es\/index.php?rest_route=%2Fwp%2Fv2%2Fmedia&parent=6025"}],"curies":[{"name":"wp","href":"https:\/\/api.w.org\/{rel}","templated":true}]}}