{"id":4509,"date":"2016-02-24T11:05:17","date_gmt":"2016-02-24T09:05:17","guid":{"rendered":"http:\/\/www.iespedromunozseca.es\/?page_id=4509"},"modified":"2016-02-24T11:05:17","modified_gmt":"2016-02-24T09:05:17","slug":"mesa-dulce-de-san-valentin-2016","status":"publish","type":"page","link":"https:\/\/www.iespedromunozseca.es\/?page_id=4509","title":{"rendered":"Mesa Dulce de San Valent\u00edn 2016"},"content":{"rendered":"<p>El pasado 12 de Febrero de 2016 los alumnos de 4\u00ba de E.S.O. del Proyecto Integrado de Reposter\u00eda Creativa decoraron una mesa dulce con motivos de San Valent\u00edn.<\/p>\n<p>Participaron los alumnos Carolina Acal, Juan Miguel Arniz, Juan Luis Bollullos, Kiomara Bravo, Alejandro Caravaca, Aitana de los Reyes, Francisco Gallardo, Alejandro G\u00f3mez, Adri\u00e1n M\u00e1rquez, Laura Ana Garc\u00eda, Adri\u00e1n Reyes, Juan Esteban R\u00edos, Matthieu Rocha, Daniela Salmer\u00f3n y Nerea Serrano, adem\u00e1s de su profesora, Purificaci\u00f3n Moreno.<\/p>\n<p>Estaba todo tan bueno o m\u00e1s rico a\u00fan como parece en las fotos.<\/p>\n<div id='gallery-1' class='gallery galleryid-4509 gallery-columns-3 gallery-size-thumbnail'><figure class='gallery-item'>\n\t\t\t<div class='gallery-icon landscape'>\n\t\t\t\t<a href='https:\/\/www.iespedromunozseca.es\/wp-content\/uploads\/2016\/02\/cam03220.jpg'><img width=\"150\" height=\"150\" src=\"https:\/\/www.iespedromunozseca.es\/wp-content\/uploads\/2016\/02\/cam03220-150x150.jpg\" class=\"attachment-thumbnail size-thumbnail\" alt=\"\" decoding=\"async\" loading=\"lazy\" \/><\/a>\n\t\t\t<\/div><\/figure><figure class='gallery-item'>\n\t\t\t<div class='gallery-icon portrait'>\n\t\t\t\t<a href='https:\/\/www.iespedromunozseca.es\/wp-content\/uploads\/2016\/02\/cam03222.jpg'><img width=\"150\" height=\"150\" src=\"https:\/\/www.iespedromunozseca.es\/wp-content\/uploads\/2016\/02\/cam03222-150x150.jpg\" class=\"attachment-thumbnail size-thumbnail\" alt=\"\" decoding=\"async\" loading=\"lazy\" \/><\/a>\n\t\t\t<\/div><\/figure><figure class='gallery-item'>\n\t\t\t<div class='gallery-icon portrait'>\n\t\t\t\t<a href='https:\/\/www.iespedromunozseca.es\/wp-content\/uploads\/2016\/02\/cam03223.jpg'><img width=\"150\" height=\"150\" src=\"https:\/\/www.iespedromunozseca.es\/wp-content\/uploads\/2016\/02\/cam03223-150x150.jpg\" class=\"attachment-thumbnail size-thumbnail\" alt=\"\" decoding=\"async\" loading=\"lazy\" \/><\/a>\n\t\t\t<\/div><\/figure><figure class='gallery-item'>\n\t\t\t<div class='gallery-icon portrait'>\n\t\t\t\t<a href='https:\/\/www.iespedromunozseca.es\/wp-content\/uploads\/2016\/02\/cam03224.jpg'><img width=\"150\" height=\"150\" src=\"https:\/\/www.iespedromunozseca.es\/wp-content\/uploads\/2016\/02\/cam03224-150x150.jpg\" class=\"attachment-thumbnail size-thumbnail\" alt=\"\" decoding=\"async\" loading=\"lazy\" \/><\/a>\n\t\t\t<\/div><\/figure><figure class='gallery-item'>\n\t\t\t<div class='gallery-icon landscape'>\n\t\t\t\t<a href='https:\/\/www.iespedromunozseca.es\/wp-content\/uploads\/2016\/02\/img_20160212_103157.jpg'><img width=\"150\" height=\"150\" src=\"https:\/\/www.iespedromunozseca.es\/wp-content\/uploads\/2016\/02\/img_20160212_103157-150x150.jpg\" class=\"attachment-thumbnail size-thumbnail\" alt=\"\" decoding=\"async\" loading=\"lazy\" \/><\/a>\n\t\t\t<\/div><\/figure><figure class='gallery-item'>\n\t\t\t<div class='gallery-icon landscape'>\n\t\t\t\t<a href='https:\/\/www.iespedromunozseca.es\/wp-content\/uploads\/2016\/02\/img_20160212_103209.jpg'><img width=\"150\" height=\"150\" src=\"https:\/\/www.iespedromunozseca.es\/wp-content\/uploads\/2016\/02\/img_20160212_103209-150x150.jpg\" class=\"attachment-thumbnail size-thumbnail\" alt=\"\" decoding=\"async\" loading=\"lazy\" \/><\/a>\n\t\t\t<\/div><\/figure><figure class='gallery-item'>\n\t\t\t<div class='gallery-icon landscape'>\n\t\t\t\t<a href='https:\/\/www.iespedromunozseca.es\/wp-content\/uploads\/2016\/02\/img_20160212_103224.jpg'><img width=\"150\" height=\"150\" src=\"https:\/\/www.iespedromunozseca.es\/wp-content\/uploads\/2016\/02\/img_20160212_103224-150x150.jpg\" class=\"attachment-thumbnail size-thumbnail\" alt=\"\" decoding=\"async\" loading=\"lazy\" \/><\/a>\n\t\t\t<\/div><\/figure><figure class='gallery-item'>\n\t\t\t<div class='gallery-icon landscape'>\n\t\t\t\t<a href='https:\/\/www.iespedromunozseca.es\/wp-content\/uploads\/2016\/02\/img_20160212_103242.jpg'><img width=\"150\" height=\"150\" src=\"https:\/\/www.iespedromunozseca.es\/wp-content\/uploads\/2016\/02\/img_20160212_103242-150x150.jpg\" class=\"attachment-thumbnail size-thumbnail\" alt=\"\" decoding=\"async\" loading=\"lazy\" \/><\/a>\n\t\t\t<\/div><\/figure><figure class='gallery-item'>\n\t\t\t<div class='gallery-icon landscape'>\n\t\t\t\t<a href='https:\/\/www.iespedromunozseca.es\/wp-content\/uploads\/2016\/02\/img_20160212_104148.jpg'><img width=\"150\" height=\"150\" src=\"https:\/\/www.iespedromunozseca.es\/wp-content\/uploads\/2016\/02\/img_20160212_104148-150x150.jpg\" class=\"attachment-thumbnail size-thumbnail\" alt=\"\" decoding=\"async\" loading=\"lazy\" \/><\/a>\n\t\t\t<\/div><\/figure><figure class='gallery-item'>\n\t\t\t<div class='gallery-icon landscape'>\n\t\t\t\t<a href='https:\/\/www.iespedromunozseca.es\/wp-content\/uploads\/2016\/02\/img_20160212_104155.jpg'><img width=\"150\" height=\"150\" src=\"https:\/\/www.iespedromunozseca.es\/wp-content\/uploads\/2016\/02\/img_20160212_104155-150x150.jpg\" class=\"attachment-thumbnail size-thumbnail\" alt=\"\" decoding=\"async\" loading=\"lazy\" \/><\/a>\n\t\t\t<\/div><\/figure><figure class='gallery-item'>\n\t\t\t<div class='gallery-icon landscape'>\n\t\t\t\t<a href='https:\/\/www.iespedromunozseca.es\/wp-content\/uploads\/2016\/02\/img_20160212_104208.jpg'><img width=\"150\" height=\"150\" src=\"https:\/\/www.iespedromunozseca.es\/wp-content\/uploads\/2016\/02\/img_20160212_104208-150x150.jpg\" class=\"attachment-thumbnail size-thumbnail\" alt=\"\" decoding=\"async\" loading=\"lazy\" \/><\/a>\n\t\t\t<\/div><\/figure><figure class='gallery-item'>\n\t\t\t<div class='gallery-icon landscape'>\n\t\t\t\t<a href='https:\/\/www.iespedromunozseca.es\/wp-content\/uploads\/2016\/02\/img_20160212_104358.jpg'><img width=\"150\" height=\"150\" src=\"https:\/\/www.iespedromunozseca.es\/wp-content\/uploads\/2016\/02\/img_20160212_104358-150x150.jpg\" class=\"attachment-thumbnail size-thumbnail\" alt=\"\" decoding=\"async\" loading=\"lazy\" \/><\/a>\n\t\t\t<\/div><\/figure><figure class='gallery-item'>\n\t\t\t<div class='gallery-icon portrait'>\n\t\t\t\t<a href='https:\/\/www.iespedromunozseca.es\/wp-content\/uploads\/2016\/02\/img_20160212_104520.jpg'><img width=\"150\" height=\"150\" src=\"https:\/\/www.iespedromunozseca.es\/wp-content\/uploads\/2016\/02\/img_20160212_104520-150x150.jpg\" class=\"attachment-thumbnail size-thumbnail\" alt=\"\" decoding=\"async\" loading=\"lazy\" \/><\/a>\n\t\t\t<\/div><\/figure><figure class='gallery-item'>\n\t\t\t<div class='gallery-icon portrait'>\n\t\t\t\t<a href='https:\/\/www.iespedromunozseca.es\/wp-content\/uploads\/2016\/02\/img_20160212_105127.jpg'><img width=\"150\" height=\"150\" src=\"https:\/\/www.iespedromunozseca.es\/wp-content\/uploads\/2016\/02\/img_20160212_105127-150x150.jpg\" class=\"attachment-thumbnail size-thumbnail\" alt=\"\" decoding=\"async\" loading=\"lazy\" \/><\/a>\n\t\t\t<\/div><\/figure><figure class='gallery-item'>\n\t\t\t<div class='gallery-icon landscape'>\n\t\t\t\t<a href='https:\/\/www.iespedromunozseca.es\/wp-content\/uploads\/2016\/02\/img_20160212_105152.jpg'><img width=\"150\" height=\"150\" src=\"https:\/\/www.iespedromunozseca.es\/wp-content\/uploads\/2016\/02\/img_20160212_105152-150x150.jpg\" class=\"attachment-thumbnail size-thumbnail\" alt=\"\" decoding=\"async\" loading=\"lazy\" \/><\/a>\n\t\t\t<\/div><\/figure><figure class='gallery-item'>\n\t\t\t<div class='gallery-icon landscape'>\n\t\t\t\t<a href='https:\/\/www.iespedromunozseca.es\/wp-content\/uploads\/2016\/02\/img_20160212_105203.jpg'><img width=\"150\" height=\"150\" src=\"https:\/\/www.iespedromunozseca.es\/wp-content\/uploads\/2016\/02\/img_20160212_105203-150x150.jpg\" class=\"attachment-thumbnail size-thumbnail\" alt=\"\" decoding=\"async\" loading=\"lazy\" \/><\/a>\n\t\t\t<\/div><\/figure><figure class='gallery-item'>\n\t\t\t<div class='gallery-icon landscape'>\n\t\t\t\t<a href='https:\/\/www.iespedromunozseca.es\/wp-content\/uploads\/2016\/02\/img_20160212_105251.jpg'><img width=\"150\" height=\"150\" src=\"https:\/\/www.iespedromunozseca.es\/wp-content\/uploads\/2016\/02\/img_20160212_105251-150x150.jpg\" class=\"attachment-thumbnail size-thumbnail\" alt=\"\" decoding=\"async\" loading=\"lazy\" \/><\/a>\n\t\t\t<\/div><\/figure><figure class='gallery-item'>\n\t\t\t<div class='gallery-icon portrait'>\n\t\t\t\t<a href='https:\/\/www.iespedromunozseca.es\/wp-content\/uploads\/2016\/02\/img_20160212_111742.jpg'><img width=\"150\" height=\"150\" src=\"https:\/\/www.iespedromunozseca.es\/wp-content\/uploads\/2016\/02\/img_20160212_111742-150x150.jpg\" class=\"attachment-thumbnail size-thumbnail\" alt=\"\" decoding=\"async\" loading=\"lazy\" \/><\/a>\n\t\t\t<\/div><\/figure>\n\t\t<\/div>\n\n","protected":false},"excerpt":{"rendered":"<p>El pasado 12 de Febrero de 2016 los alumnos de 4\u00ba de E.S.O. del Proyecto Integrado de Reposter\u00eda Creativa decoraron una mesa dulce con motivos de San Valent\u00edn. Participaron los alumnos Carolina Acal, Juan Miguel Arniz, Juan Luis Bollullos, Kiomara Bravo, Alejandro Caravaca, Aitana de los Reyes, Francisco Gallardo, Alejandro G\u00f3mez, Adri\u00e1n M\u00e1rquez, Laura Ana Garc\u00eda, Adri\u00e1n Reyes, Juan Esteban R\u00edos, Matthieu Rocha, Daniela Salmer\u00f3n y Nerea Serrano, adem\u00e1s de su profesora, Purificaci\u00f3n Moreno. Estaba todo tan bueno o m\u00e1s&#8230;<\/p>\n<p class=\"read-more\"><a class=\"btn btn-default\" href=\"https:\/\/www.iespedromunozseca.es\/?page_id=4509\"> Leer m\u00e1s<span class=\"screen-reader-text\">  Leer m\u00e1s<\/span><\/a><\/p>\n","protected":false},"author":3,"featured_media":0,"parent":4357,"menu_order":0,"comment_status":"closed","ping_status":"open","template":"","meta":[],"_links":{"self":[{"href":"https:\/\/www.iespedromunozseca.es\/index.php?rest_route=\/wp\/v2\/pages\/4509"}],"collection":[{"href":"https:\/\/www.iespedromunozseca.es\/index.php?rest_route=\/wp\/v2\/pages"}],"about":[{"href":"https:\/\/www.iespedromunozseca.es\/index.php?rest_route=\/wp\/v2\/types\/page"}],"author":[{"embeddable":true,"href":"https:\/\/www.iespedromunozseca.es\/index.php?rest_route=\/wp\/v2\/users\/3"}],"replies":[{"embeddable":true,"href":"https:\/\/www.iespedromunozseca.es\/index.php?rest_route=%2Fwp%2Fv2%2Fcomments&post=4509"}],"version-history":[{"count":5,"href":"https:\/\/www.iespedromunozseca.es\/index.php?rest_route=\/wp\/v2\/pages\/4509\/revisions"}],"predecessor-version":[{"id":4532,"href":"https:\/\/www.iespedromunozseca.es\/index.php?rest_route=\/wp\/v2\/pages\/4509\/revisions\/4532"}],"up":[{"embeddable":true,"href":"https:\/\/www.iespedromunozseca.es\/index.php?rest_route=\/wp\/v2\/pages\/4357"}],"wp:attachment":[{"href":"https:\/\/www.iespedromunozseca.es\/index.php?rest_route=%2Fwp%2Fv2%2Fmedia&parent=4509"}],"curies":[{"name":"wp","href":"https:\/\/api.w.org\/{rel}","templated":true}]}}