{"id":11074,"date":"2025-04-24T10:41:54","date_gmt":"2025-04-24T08:41:54","guid":{"rendered":"https:\/\/www.iespedromunozseca.es\/?page_id=11074"},"modified":"2025-04-24T10:41:55","modified_gmt":"2025-04-24T08:41:55","slug":"formacion-de-nuestro-alumnado-de-ciclo-en-mojacar","status":"publish","type":"page","link":"https:\/\/www.iespedromunozseca.es\/?page_id=11074","title":{"rendered":"FORMACI\u00d3N DE NUESTRO ALUMNADO DE CICLO EN MOJ\u00c1CAR"},"content":{"rendered":"\n<p>Los alumnos del Ciclo Formativo de Grado Medio \u201cT\u00e9cnicos en Cuidados Auxiliares de Enfermer\u00eda\u201d han acudido al curso denominado \u201cEL T\u00c9CNICO EN CUIDADOS AUXILIARES DE ENFERMER\u00cdA EN LA VALORACI\u00d3N Y ABORDAJE INICIAL AL PACIENTE CR\u00cdTICO\u201d, que se ha desarrollado durante los d\u00edas 3 al 7 de abril en la localidad de Moj\u00e1car.<\/p>\n\n\n\n<p>Dicho curso se encuadra dentro del Aula Permanente de la Salud, dependiente de la Universidad de Granada.<\/p>\n\n\n\n<figure class=\"wp-block-image size-full\"><a href=\"https:\/\/www.iespedromunozseca.es\/wp-content\/uploads\/2025\/04\/PHOTO-2024-04-08-17-38-31-768x576-1.jpg\"><img decoding=\"async\" loading=\"lazy\" width=\"768\" height=\"576\" src=\"https:\/\/www.iespedromunozseca.es\/wp-content\/uploads\/2025\/04\/PHOTO-2024-04-08-17-38-31-768x576-1.jpg\" alt=\"\" class=\"wp-image-11077\" srcset=\"https:\/\/www.iespedromunozseca.es\/wp-content\/uploads\/2025\/04\/PHOTO-2024-04-08-17-38-31-768x576-1.jpg 768w, https:\/\/www.iespedromunozseca.es\/wp-content\/uploads\/2025\/04\/PHOTO-2024-04-08-17-38-31-768x576-1-300x225.jpg 300w, https:\/\/www.iespedromunozseca.es\/wp-content\/uploads\/2025\/04\/PHOTO-2024-04-08-17-38-31-768x576-1-360x270.jpg 360w\" sizes=\"(max-width: 768px) 100vw, 768px\" \/><\/a><\/figure>\n","protected":false},"excerpt":{"rendered":"<p>Los alumnos del Ciclo Formativo de Grado Medio \u201cT\u00e9cnicos en Cuidados Auxiliares de Enfermer\u00eda\u201d han acudido al curso denominado \u201cEL T\u00c9CNICO EN CUIDADOS AUXILIARES DE ENFERMER\u00cdA EN LA VALORACI\u00d3N Y ABORDAJE INICIAL AL PACIENTE CR\u00cdTICO\u201d, que se ha desarrollado durante los d\u00edas 3 al 7 de abril en la localidad de Moj\u00e1car. Dicho curso se encuadra dentro del Aula Permanente de la Salud, dependiente de la Universidad de Granada.<\/p>\n","protected":false},"author":3,"featured_media":0,"parent":0,"menu_order":0,"comment_status":"closed","ping_status":"closed","template":"","meta":[],"_links":{"self":[{"href":"https:\/\/www.iespedromunozseca.es\/index.php?rest_route=\/wp\/v2\/pages\/11074"}],"collection":[{"href":"https:\/\/www.iespedromunozseca.es\/index.php?rest_route=\/wp\/v2\/pages"}],"about":[{"href":"https:\/\/www.iespedromunozseca.es\/index.php?rest_route=\/wp\/v2\/types\/page"}],"author":[{"embeddable":true,"href":"https:\/\/www.iespedromunozseca.es\/index.php?rest_route=\/wp\/v2\/users\/3"}],"replies":[{"embeddable":true,"href":"https:\/\/www.iespedromunozseca.es\/index.php?rest_route=%2Fwp%2Fv2%2Fcomments&post=11074"}],"version-history":[{"count":2,"href":"https:\/\/www.iespedromunozseca.es\/index.php?rest_route=\/wp\/v2\/pages\/11074\/revisions"}],"predecessor-version":[{"id":11110,"href":"https:\/\/www.iespedromunozseca.es\/index.php?rest_route=\/wp\/v2\/pages\/11074\/revisions\/11110"}],"wp:attachment":[{"href":"https:\/\/www.iespedromunozseca.es\/index.php?rest_route=%2Fwp%2Fv2%2Fmedia&parent=11074"}],"curies":[{"name":"wp","href":"https:\/\/api.w.org\/{rel}","templated":true}]}}