{"id":11057,"date":"2025-04-24T10:41:49","date_gmt":"2025-04-24T08:41:49","guid":{"rendered":"https:\/\/www.iespedromunozseca.es\/?page_id=11057"},"modified":"2025-04-24T10:41:50","modified_gmt":"2025-04-24T08:41:50","slug":"una-experiencia-enriquecedora","status":"publish","type":"page","link":"https:\/\/www.iespedromunozseca.es\/?page_id=11057","title":{"rendered":"UNA EXPERIENCIA ENRIQUECEDORA"},"content":{"rendered":"\n<p>Durante los d\u00edas 27, 28 y 29 un grupo de alumnos y alumnas del IES Pedro Mu\u00f1oz Seca han realizado una inmersi\u00f3n ling\u00fc\u00edstica en franc\u00e9s en Alarcos, Valverde (Ciudad Real).<\/p>\n\n\n\n<figure class=\"wp-block-image size-full\"><a href=\"https:\/\/www.iespedromunozseca.es\/wp-content\/uploads\/2025\/04\/PHOTO-2025-01-29-15-00-23-717x1024-1.jpg\"><img decoding=\"async\" loading=\"lazy\" width=\"717\" height=\"1024\" src=\"https:\/\/www.iespedromunozseca.es\/wp-content\/uploads\/2025\/04\/PHOTO-2025-01-29-15-00-23-717x1024-1.jpg\" alt=\"\" class=\"wp-image-11058\" srcset=\"https:\/\/www.iespedromunozseca.es\/wp-content\/uploads\/2025\/04\/PHOTO-2025-01-29-15-00-23-717x1024-1.jpg 717w, https:\/\/www.iespedromunozseca.es\/wp-content\/uploads\/2025\/04\/PHOTO-2025-01-29-15-00-23-717x1024-1-210x300.jpg 210w, https:\/\/www.iespedromunozseca.es\/wp-content\/uploads\/2025\/04\/PHOTO-2025-01-29-15-00-23-717x1024-1-189x270.jpg 189w\" sizes=\"(max-width: 717px) 100vw, 717px\" \/><\/a><\/figure>\n\n\n\n<figure class=\"wp-block-image size-full\"><a href=\"https:\/\/www.iespedromunozseca.es\/wp-content\/uploads\/2025\/04\/PHOTO-2025-01-29-15-00-23-1-819x1024-1.jpg\"><img decoding=\"async\" loading=\"lazy\" width=\"819\" height=\"1024\" src=\"https:\/\/www.iespedromunozseca.es\/wp-content\/uploads\/2025\/04\/PHOTO-2025-01-29-15-00-23-1-819x1024-1.jpg\" alt=\"\" class=\"wp-image-11059\" srcset=\"https:\/\/www.iespedromunozseca.es\/wp-content\/uploads\/2025\/04\/PHOTO-2025-01-29-15-00-23-1-819x1024-1.jpg 819w, https:\/\/www.iespedromunozseca.es\/wp-content\/uploads\/2025\/04\/PHOTO-2025-01-29-15-00-23-1-819x1024-1-240x300.jpg 240w, https:\/\/www.iespedromunozseca.es\/wp-content\/uploads\/2025\/04\/PHOTO-2025-01-29-15-00-23-1-819x1024-1-768x960.jpg 768w, https:\/\/www.iespedromunozseca.es\/wp-content\/uploads\/2025\/04\/PHOTO-2025-01-29-15-00-23-1-819x1024-1-216x270.jpg 216w\" sizes=\"(max-width: 819px) 100vw, 819px\" \/><\/a><\/figure>\n\n\n\n<figure class=\"wp-block-image size-full\"><a href=\"https:\/\/www.iespedromunozseca.es\/wp-content\/uploads\/2025\/04\/PHOTO-2025-01-29-15-00-23-2-819x1024-1.jpg\"><img decoding=\"async\" loading=\"lazy\" width=\"819\" height=\"1024\" src=\"https:\/\/www.iespedromunozseca.es\/wp-content\/uploads\/2025\/04\/PHOTO-2025-01-29-15-00-23-2-819x1024-1.jpg\" alt=\"\" class=\"wp-image-11060\" srcset=\"https:\/\/www.iespedromunozseca.es\/wp-content\/uploads\/2025\/04\/PHOTO-2025-01-29-15-00-23-2-819x1024-1.jpg 819w, https:\/\/www.iespedromunozseca.es\/wp-content\/uploads\/2025\/04\/PHOTO-2025-01-29-15-00-23-2-819x1024-1-240x300.jpg 240w, https:\/\/www.iespedromunozseca.es\/wp-content\/uploads\/2025\/04\/PHOTO-2025-01-29-15-00-23-2-819x1024-1-768x960.jpg 768w, https:\/\/www.iespedromunozseca.es\/wp-content\/uploads\/2025\/04\/PHOTO-2025-01-29-15-00-23-2-819x1024-1-216x270.jpg 216w\" sizes=\"(max-width: 819px) 100vw, 819px\" \/><\/a><\/figure>\n\n\n\n<figure class=\"wp-block-image size-full\"><a href=\"https:\/\/www.iespedromunozseca.es\/wp-content\/uploads\/2025\/04\/PHOTO-2025-01-29-15-00-23-3-819x1024-1.jpg\"><img decoding=\"async\" loading=\"lazy\" width=\"819\" height=\"1024\" src=\"https:\/\/www.iespedromunozseca.es\/wp-content\/uploads\/2025\/04\/PHOTO-2025-01-29-15-00-23-3-819x1024-1.jpg\" alt=\"\" class=\"wp-image-11061\" srcset=\"https:\/\/www.iespedromunozseca.es\/wp-content\/uploads\/2025\/04\/PHOTO-2025-01-29-15-00-23-3-819x1024-1.jpg 819w, https:\/\/www.iespedromunozseca.es\/wp-content\/uploads\/2025\/04\/PHOTO-2025-01-29-15-00-23-3-819x1024-1-240x300.jpg 240w, https:\/\/www.iespedromunozseca.es\/wp-content\/uploads\/2025\/04\/PHOTO-2025-01-29-15-00-23-3-819x1024-1-768x960.jpg 768w, https:\/\/www.iespedromunozseca.es\/wp-content\/uploads\/2025\/04\/PHOTO-2025-01-29-15-00-23-3-819x1024-1-216x270.jpg 216w\" sizes=\"(max-width: 819px) 100vw, 819px\" \/><\/a><\/figure>\n\n\n\n<figure class=\"wp-block-image size-full\"><a href=\"https:\/\/www.iespedromunozseca.es\/wp-content\/uploads\/2025\/04\/PHOTO-2025-01-29-15-00-24-819x1024-1.jpg\"><img decoding=\"async\" loading=\"lazy\" width=\"819\" height=\"1024\" src=\"https:\/\/www.iespedromunozseca.es\/wp-content\/uploads\/2025\/04\/PHOTO-2025-01-29-15-00-24-819x1024-1.jpg\" alt=\"\" class=\"wp-image-11062\" srcset=\"https:\/\/www.iespedromunozseca.es\/wp-content\/uploads\/2025\/04\/PHOTO-2025-01-29-15-00-24-819x1024-1.jpg 819w, https:\/\/www.iespedromunozseca.es\/wp-content\/uploads\/2025\/04\/PHOTO-2025-01-29-15-00-24-819x1024-1-240x300.jpg 240w, https:\/\/www.iespedromunozseca.es\/wp-content\/uploads\/2025\/04\/PHOTO-2025-01-29-15-00-24-819x1024-1-768x960.jpg 768w, https:\/\/www.iespedromunozseca.es\/wp-content\/uploads\/2025\/04\/PHOTO-2025-01-29-15-00-24-819x1024-1-216x270.jpg 216w\" sizes=\"(max-width: 819px) 100vw, 819px\" \/><\/a><\/figure>\n\n\n\n<figure class=\"wp-block-image size-full\"><a href=\"https:\/\/www.iespedromunozseca.es\/wp-content\/uploads\/2025\/04\/WhatsApp-Image-2025-01-27-at-09.16.21-768x359-1.jpeg\"><img decoding=\"async\" loading=\"lazy\" width=\"768\" height=\"359\" src=\"https:\/\/www.iespedromunozseca.es\/wp-content\/uploads\/2025\/04\/WhatsApp-Image-2025-01-27-at-09.16.21-768x359-1.jpeg\" alt=\"\" class=\"wp-image-11063\" srcset=\"https:\/\/www.iespedromunozseca.es\/wp-content\/uploads\/2025\/04\/WhatsApp-Image-2025-01-27-at-09.16.21-768x359-1.jpeg 768w, https:\/\/www.iespedromunozseca.es\/wp-content\/uploads\/2025\/04\/WhatsApp-Image-2025-01-27-at-09.16.21-768x359-1-300x140.jpeg 300w, https:\/\/www.iespedromunozseca.es\/wp-content\/uploads\/2025\/04\/WhatsApp-Image-2025-01-27-at-09.16.21-768x359-1-578x270.jpeg 578w\" sizes=\"(max-width: 768px) 100vw, 768px\" \/><\/a><\/figure>\n\n\n\n<figure class=\"wp-block-video\"><video controls src=\"https:\/\/www.iespedromunozseca.es\/wp-content\/uploads\/2025\/04\/VideoAlarcos2025.mp4\"><\/video><\/figure>\n\n\n\n<p><\/p>\n","protected":false},"excerpt":{"rendered":"<p>Durante los d\u00edas 27, 28 y 29 un grupo de alumnos y alumnas del IES Pedro Mu\u00f1oz Seca han realizado una inmersi\u00f3n ling\u00fc\u00edstica en franc\u00e9s en Alarcos, Valverde (Ciudad Real).<\/p>\n","protected":false},"author":3,"featured_media":0,"parent":0,"menu_order":0,"comment_status":"closed","ping_status":"closed","template":"","meta":[],"_links":{"self":[{"href":"https:\/\/www.iespedromunozseca.es\/index.php?rest_route=\/wp\/v2\/pages\/11057"}],"collection":[{"href":"https:\/\/www.iespedromunozseca.es\/index.php?rest_route=\/wp\/v2\/pages"}],"about":[{"href":"https:\/\/www.iespedromunozseca.es\/index.php?rest_route=\/wp\/v2\/types\/page"}],"author":[{"embeddable":true,"href":"https:\/\/www.iespedromunozseca.es\/index.php?rest_route=\/wp\/v2\/users\/3"}],"replies":[{"embeddable":true,"href":"https:\/\/www.iespedromunozseca.es\/index.php?rest_route=%2Fwp%2Fv2%2Fcomments&post=11057"}],"version-history":[{"count":3,"href":"https:\/\/www.iespedromunozseca.es\/index.php?rest_route=\/wp\/v2\/pages\/11057\/revisions"}],"predecessor-version":[{"id":11067,"href":"https:\/\/www.iespedromunozseca.es\/index.php?rest_route=\/wp\/v2\/pages\/11057\/revisions\/11067"}],"wp:attachment":[{"href":"https:\/\/www.iespedromunozseca.es\/index.php?rest_route=%2Fwp%2Fv2%2Fmedia&parent=11057"}],"curies":[{"name":"wp","href":"https:\/\/api.w.org\/{rel}","templated":true}]}}